{"id":59,"date":"2020-08-21T00:02:34","date_gmt":"2020-08-20T22:02:34","guid":{"rendered":"http:\/\/xn--ffw-rtzlingen-ffb.de\/?page_id=59"},"modified":"2025-08-11T23:30:33","modified_gmt":"2025-08-11T21:30:33","slug":"dienstplan","status":"publish","type":"page","link":"http:\/\/xn--ffw-rtzlingen-ffb.de\/?page_id=59","title":{"rendered":"R\u00fcckblick"},"content":{"rendered":"\n<p><strong><em><mark style=\"background-color:#cf2e2e\" class=\"has-inline-color has-white-color\">01.02.2025  <\/mark><\/em><\/strong><em><strong><mark style=\"background-color:#cf2e2e\" class=\"has-inline-color has-white-color\">Generalversammlung Freiwillige Feuerwehr R\u00e4tzlingen<\/mark><\/strong><\/em><\/p>\n\n\n\n<p>Mitglieder<\/p>\n\n\n\n<p>Wahlen<\/p>\n\n\n\n<p>Bef\u00f6rderungen<\/p>\n\n\n\n<p>Ehrungen<\/p>\n\n\n\n<p><strong><em><mark style=\"background-color:#cf2e2e\" class=\"has-inline-color has-white-color\">03.02.2024  <\/mark><\/em><\/strong><em><strong><mark style=\"background-color:#cf2e2e\" class=\"has-inline-color has-white-color\">Generalversammlung Freiwillige Feuerwehr R\u00e4tzlingen<\/mark><\/strong><\/em><\/p>\n\n\n\n<p><strong><em>Mitglieder<\/em> <\/strong>                                                                                                                                                                                  Stand 01.01.2024:    132 Mitglieder<\/p>\n\n\n\n<ul>\n<li>Einsatzabteilung:  41<\/li>\n\n\n\n<li>Altersabteilung:  14<\/li>\n\n\n\n<li>Kinderfeuerwehr:  7<\/li>\n\n\n\n<li>Jugendfeuerwehr:  12<\/li>\n\n\n\n<li>F\u00f6rdernde Mitglieder:  58<\/li>\n<\/ul>\n\n\n\n<p><strong><em>Wahlen<\/em> <\/strong>             <\/p>\n\n\n\n<ul>\n<li>Beisitzer Kasse:  Tim-Philipp Meyer   <\/li>\n\n\n\n<li>Gruppenf\u00fchrer I. Gruppe:  Tom Boeck<\/li>\n\n\n\n<li>Stellv. Gruppenf\u00fchrer I. Gruppe:  Till Rabenstein<\/li>\n\n\n\n<li>Jugendfeuerwehrwart:  Bennet Korbmacher  <\/li>\n\n\n\n<li>Kinderfeuerwehrwart:  Uwe Burmester <\/li>\n\n\n\n<li>Sicherheitsbeauftragter:  Till Rabenstein                                                                                                                                                                                                                                                                                                                                                                                                                                                                                                                                                                                                                                                                                                                                                                                                                                                                                                                     <\/li>\n<\/ul>\n\n\n\n<p><em><strong>Bef\u00f6rderungen<\/strong><\/em>          <\/p>\n\n\n\n<ul>\n<li>Feuerwehrfrau\/Feuerwehrmann:  Amelie Baumgarten, Torben Schidlowski, Marco Kropp, Michelle Kropp,  Sebastian J\u00e4ger                                                                                                                                                                   <\/li>\n\n\n\n<li>Hauptfeuerwehrmann : Luca Boeck, Till Rabenstein, Holger Starke<\/li>\n\n\n\n<li>L\u00f6schmeister:  Tom Boeck                                                                                                                                                                               <\/li>\n<\/ul>\n\n\n\n<p><strong><em>Ehrungen<\/em>    <\/strong>                   <\/p>\n\n\n\n<ul>\n<li>50 Jahre Mitgliedschaft im Feuerwehrverband:  Hans-Joachim Herkt <\/li>\n\n\n\n<li>Egbert Rabenstein wurde zum Ehrenortsbrandmeister ernannt                                                                                                                                                       <\/li>\n<\/ul>\n\n\n\n<figure class=\"wp-block-image size-large\"><img decoding=\"async\" loading=\"lazy\" width=\"1024\" height=\"697\" src=\"http:\/\/xn--ffw-rtzlingen-ffb.de\/wp-content\/uploads\/2024\/08\/GV-2024_befoerderte_geerhte-Kameraden-1024x697.jpg\" alt=\"\" class=\"wp-image-1131\" srcset=\"http:\/\/xn--ffw-rtzlingen-ffb.de\/wp-content\/uploads\/2024\/08\/GV-2024_befoerderte_geerhte-Kameraden-1024x697.jpg 1024w, http:\/\/xn--ffw-rtzlingen-ffb.de\/wp-content\/uploads\/2024\/08\/GV-2024_befoerderte_geerhte-Kameraden-300x204.jpg 300w, http:\/\/xn--ffw-rtzlingen-ffb.de\/wp-content\/uploads\/2024\/08\/GV-2024_befoerderte_geerhte-Kameraden-768x523.jpg 768w, http:\/\/xn--ffw-rtzlingen-ffb.de\/wp-content\/uploads\/2024\/08\/GV-2024_befoerderte_geerhte-Kameraden-1536x1046.jpg 1536w, http:\/\/xn--ffw-rtzlingen-ffb.de\/wp-content\/uploads\/2024\/08\/GV-2024_befoerderte_geerhte-Kameraden.jpg 1689w\" sizes=\"(max-width: 1024px) 100vw, 1024px\" \/><\/figure>\n\n\n\n<p><strong><mark style=\"background-color:rgba(0, 0, 0, 0)\" class=\"has-inline-color has-vivid-cyan-blue-color\">++++++++++++++++++++++++++++++++++++++++++++++++++++++++++++++++++<\/mark><\/strong><\/p>\n\n\n\n<p><\/p>\n\n\n\n<p><strong><em><mark style=\"background-color:#cf2e2e\" class=\"has-inline-color has-white-color\">04.02.2023  <\/mark><\/em><\/strong><em><strong><mark style=\"background-color:#cf2e2e\" class=\"has-inline-color has-white-color\">Generalversammlung Freiwillige Feuerwehr R\u00e4tzlingen<\/mark><\/strong><\/em><\/p>\n\n\n\n<p><strong><em>Mitglieder<\/em> <\/strong>                                                                                                                                                                                  Die Wehr hat mit Stand 01.01.2023  37 aktive Mitglieder,  15 Kameraden in der Altersabteilung und 57 f\u00f6rdernde Mitglieder. In der Jugendfeuerwehr sind 13 Jugendliche und in der Kinderfeuerwehr aktuell 6 Kids.    Insgesamt: 128 Mitglieder.<\/p>\n\n\n\n<p><strong><em>Wahlen<\/em> <\/strong>                                                                                                                                                                         Ortsbrandmeister:  Bennet Korbmacher                                                                                                               Stellv. Ortsbrandmeister:  Holger Starke                                                                                                                                                Gruppenf\u00fchrer II. Gruppe:  Holger Starke                                                                                                            Stellv. Gruppenf\u00fchrer II. Gruppe:  Markus Giese                                                                                                            Schriftf\u00fchrerin:  Svenja Korbmacher                                                                                                Atemschutzbeauftragter:  Tobias Kramer                                                                                                      Zeugwart:  Ralph Schidlowski                                                                                                                 <\/p>\n\n\n\n<p><em><strong>Bef\u00f6rderungen<\/strong><\/em>                                                                                                                                                                                 Feuerwehrfrau:  Marie Baumgarten, Swantje Schidlowski und Johanna Schubert   Oberfeuerwehrmann : Luca Boeck, Thomas B\u00fcnning, Till Rabenstein, Julius Schubert und Holger Starke,                                                                                                                                                                                Carsten Dammann und Tim-Phillip Meyer wurden in Abwesenheit bef\u00f6rdert<\/p>\n\n\n\n<p><strong><em>Ehrungen<\/em>    <\/strong>                                                                                                                                                                                   50 Jahre Mitgliedschaft im Feuerwehrverband:  G\u00fcnter Schr\u00f6der, Hartmut Zeppei und Ottokar Schulze   <\/p>\n\n\n\n<p><\/p>\n\n\n\n<figure class=\"wp-block-image size-large\"><img decoding=\"async\" loading=\"lazy\" width=\"549\" height=\"295\" src=\"http:\/\/xn--ffw-rtzlingen-ffb.de\/wp-content\/uploads\/2023\/02\/GV-2023_Befoerderte-2.jpg\" alt=\"\" class=\"wp-image-209\" srcset=\"http:\/\/xn--ffw-rtzlingen-ffb.de\/wp-content\/uploads\/2023\/02\/GV-2023_Befoerderte-2.jpg 549w, http:\/\/xn--ffw-rtzlingen-ffb.de\/wp-content\/uploads\/2023\/02\/GV-2023_Befoerderte-2-300x161.jpg 300w\" sizes=\"(max-width: 549px) 100vw, 549px\" \/><\/figure>\n\n\n\n<p><strong><mark style=\"background-color:rgba(0, 0, 0, 0)\" class=\"has-inline-color has-vivid-cyan-blue-color\">++++++++++++++++++++++++++++++++++++++++++++++++++++++++++++++++++<\/mark><\/strong><\/p>\n\n\n\n<p><\/p>\n\n\n\n<p><mark style=\"background-color:#cf2e2e\" class=\"has-inline-color has-white-color\"><em style=\"font-weight: bold;\">18.06.2021<\/em>   <em><strong>Generalversammlung Freiwillige Feuerwehr R\u00e4tzlingen<\/strong><\/em><\/mark><\/p>\n\n\n\n<p>Unter dem Scheunendach vom Hof Rabenstein fand die Generalversammlung der Einsatzabteilung der R\u00e4tzlinger Feuerwehr am Freitag, 18. Juni statt.<\/p>\n\n\n\n<p>Zurzeit besteht die Wehr aus 36 aktiven Feuerwehrfrauen\/-m\u00e4nnern, 14 Kameraden der Altersabteilung, 53 f\u00f6rdernde Mitglieder und 32 sind in der Kinder- und Jugendfeuerwehr.<\/p>\n\n\n\n<p>In seinem Jahresbericht informierte Ortsbrandmeister Egbert Rabenstein \u00fcber die 8 Eins\u00e4tze in 2020, zu denen die Freiwillige Feuerwehr R\u00e4tzlingen gerufen wurde. Das waren 4 Br\u00e4nde, 3 Hilfeleistungen und 1 Fehlalarm.<br>Eine Einsatz\u00fcbung des Zuges Mitte fand Anfang 2020 statt. Der Ausbildungsbetrieb viel im ersten Lockdown bis Mitte Juni aus. Danach wurde in vier Gruppen a neun Mann in die Ausbildung eingestiegen. An der Truppmann Ausbildung haben 7 Mann teilgenommen, ein AGT-Tr\u00e4ger wurde ausgebildet und ein Sprechfunker Lehrgang wurde besucht. Pandemiebedingt fanden keine Festlichkeiten und Wettk\u00e4mpfe statt. Das soll sich dieses Jahr \u00e4ndern. Am 21. August ist ein Traditionswettkampf geplant \u2013 ob und wie der Wettkampf durchgef\u00fchrt werden kann h\u00e4ngt von den Pandemievorgaben ab.<\/p>\n\n\n\n<p><strong>Wahlen:<\/strong> Stellvertretender Ortsbrandmeister: Bennet Korbmacher, Kassenwart: Tim-Phillip Meyer, Ger\u00e4tewart: Tom Boeck, Sicherheitsbeauftragte: Svenja Mennerich, Jugendfeuerwehrwart: Tim von Thun, Kinderfeuerwehrwart: Uwe Burmester, Gruppenf\u00fchrer 2. Gruppe: Harald Idler, Stellvertretender Gruppenf\u00fchrer 1. Gruppe: Tom Boeck, Kassenpr\u00fcfer: Till Rabenstein<\/p>\n\n\n\n<p><strong>Bef\u00f6rderungen: <\/strong>Feuerwehrm\u00e4nner wurde: Luca Boeck, Till Rabenstein, Julius Schubert, Thomas B\u00fcnning, Carsten Dammann, Tim-Phillip Meyer, Holger Starke<\/p>\n\n\n\n<p>Zur Oberfeuerwehrfrau wurde Svenja Mennerich und zum Hauptfeuerwehrmann wurde Tim von Thun bef\u00f6rdert.<\/p>\n\n\n\n<p><strong>Ehrungen:<\/strong> Geehrt wurde f\u00fcr 25 Jahre Mitgliedschaft im Feuerwehrverband Reinhard Klepsch.<\/p>\n\n\n\n<figure class=\"wp-block-image\"><img decoding=\"async\" src=\"http:\/\/xn--ffw-rtzlingen-ffb.de\/wp-content\/uploads\/2021\/06\/20210618_205650-1024x473.jpg\" alt=\"Dieses Bild hat ein leeres Alt-Attribut. Der Dateiname ist 20210618_205650-1024x473.jpg\"\/><\/figure>\n\n\n\n<figure class=\"wp-block-image size-large\"><img decoding=\"async\" loading=\"lazy\" width=\"1024\" height=\"768\" src=\"http:\/\/xn--ffw-rtzlingen-ffb.de\/wp-content\/uploads\/2021\/06\/P1080632-1024x768.jpg\" alt=\"\" class=\"wp-image-185\" srcset=\"http:\/\/xn--ffw-rtzlingen-ffb.de\/wp-content\/uploads\/2021\/06\/P1080632-1024x768.jpg 1024w, http:\/\/xn--ffw-rtzlingen-ffb.de\/wp-content\/uploads\/2021\/06\/P1080632-300x225.jpg 300w, http:\/\/xn--ffw-rtzlingen-ffb.de\/wp-content\/uploads\/2021\/06\/P1080632-768x576.jpg 768w, http:\/\/xn--ffw-rtzlingen-ffb.de\/wp-content\/uploads\/2021\/06\/P1080632-1536x1152.jpg 1536w, http:\/\/xn--ffw-rtzlingen-ffb.de\/wp-content\/uploads\/2021\/06\/P1080632-2048x1536.jpg 2048w\" sizes=\"(max-width: 1024px) 100vw, 1024px\" \/><\/figure>\n\n\n\n<p><mark style=\"background-color:rgba(0, 0, 0, 0)\" class=\"has-inline-color has-vivid-cyan-blue-color\"><strong>+++++++++++++++++++++++++++++++++++++++++++++++++++++++++++++++++++<\/strong><\/mark><\/p>\n\n\n\n<p><\/p>\n\n\n\n<p><mark style=\"background-color:#cf2e2e\" class=\"has-inline-color has-white-color\"><strong><em>2021<\/em><\/strong>   <strong><em>Altersabteilung beendet die Renovierung der Grabstelle von unserem Gr\u00fcndungsvater<\/em><\/strong><\/mark><\/p>\n\n\n\n<p>Die Planung begann im Jahr 2019 und sollte bereits 2020 umgesetzt werden, doch die Corona-Pandemie stoppte die M\u00e4nner der Altersabteilung der FF R\u00e4tzlingen<em> <strong>j\u00e4h.<\/strong><\/em><\/p>\n\n\n\n<p>Jetzt ist die Renovierung der Grabstelle, unseres Gr\u00fcndungsvaters Lehrer Nottbohm abgeschlossen. In mehreren Arbeitsschritten wurde die bereits Anfang der 2000er einmal \u00fcberholte Grabstelle jetzt neu aufgebaut.<\/p>\n\n\n\n<p>Zun\u00e4chst wurde der vorhandene Zaun abgebaut und mit Hilfe von Metallbaumeister Ralph Schidlowski aufgearbeitet, danach wurde der Boden ausgetauscht und die Grabstelle neu mit antrazitfarbigen Randsteinen eingefasst. Die Grabfl\u00e4che wurde mit naturfarbenen Kiesel gef\u00fcllt, eine Granitplatte zum Aufstellen einer Schale postiert&nbsp; und der restaurierte Zaun wieder aufgestellt.<\/p>\n\n\n\n<p>Das Ergebnis kann sich sehen lassen. Die Kosten f\u00fcr die Renovierung wurde von der Dorfgemeinschaft getragen.\u201c<\/p>\n\n\n\n<figure class=\"wp-block-image size-large\"><img decoding=\"async\" loading=\"lazy\" width=\"1024\" height=\"461\" src=\"http:\/\/xn--ffw-rtzlingen-ffb.de\/wp-content\/uploads\/2021\/06\/PHOTO-2021-06-02-21-31-16-Kopie-1024x461.jpg\" alt=\"\" class=\"wp-image-178\" srcset=\"http:\/\/xn--ffw-rtzlingen-ffb.de\/wp-content\/uploads\/2021\/06\/PHOTO-2021-06-02-21-31-16-Kopie-1024x461.jpg 1024w, http:\/\/xn--ffw-rtzlingen-ffb.de\/wp-content\/uploads\/2021\/06\/PHOTO-2021-06-02-21-31-16-Kopie-300x135.jpg 300w, http:\/\/xn--ffw-rtzlingen-ffb.de\/wp-content\/uploads\/2021\/06\/PHOTO-2021-06-02-21-31-16-Kopie-768x346.jpg 768w, http:\/\/xn--ffw-rtzlingen-ffb.de\/wp-content\/uploads\/2021\/06\/PHOTO-2021-06-02-21-31-16-Kopie-1536x691.jpg 1536w, http:\/\/xn--ffw-rtzlingen-ffb.de\/wp-content\/uploads\/2021\/06\/PHOTO-2021-06-02-21-31-16-Kopie.jpg 1600w\" sizes=\"(max-width: 1024px) 100vw, 1024px\" \/><\/figure>\n\n\n\n<figure class=\"wp-block-image size-large\"><img decoding=\"async\" loading=\"lazy\" width=\"1024\" height=\"461\" src=\"http:\/\/xn--ffw-rtzlingen-ffb.de\/wp-content\/uploads\/2021\/06\/PHOTO-2021-06-02-21-31-16-1024x461.jpg\" alt=\"\" class=\"wp-image-179\" srcset=\"http:\/\/xn--ffw-rtzlingen-ffb.de\/wp-content\/uploads\/2021\/06\/PHOTO-2021-06-02-21-31-16-1024x461.jpg 1024w, http:\/\/xn--ffw-rtzlingen-ffb.de\/wp-content\/uploads\/2021\/06\/PHOTO-2021-06-02-21-31-16-300x135.jpg 300w, http:\/\/xn--ffw-rtzlingen-ffb.de\/wp-content\/uploads\/2021\/06\/PHOTO-2021-06-02-21-31-16-768x346.jpg 768w, http:\/\/xn--ffw-rtzlingen-ffb.de\/wp-content\/uploads\/2021\/06\/PHOTO-2021-06-02-21-31-16-1536x691.jpg 1536w, http:\/\/xn--ffw-rtzlingen-ffb.de\/wp-content\/uploads\/2021\/06\/PHOTO-2021-06-02-21-31-16.jpg 1600w\" sizes=\"(max-width: 1024px) 100vw, 1024px\" \/><\/figure>\n\n\n\n<figure class=\"wp-block-image size-large\"><img decoding=\"async\" loading=\"lazy\" width=\"1024\" height=\"461\" src=\"http:\/\/xn--ffw-rtzlingen-ffb.de\/wp-content\/uploads\/2021\/06\/PHOTO-2021-06-02-21-31-17-1024x461.jpg\" alt=\"\" class=\"wp-image-180\" srcset=\"http:\/\/xn--ffw-rtzlingen-ffb.de\/wp-content\/uploads\/2021\/06\/PHOTO-2021-06-02-21-31-17-1024x461.jpg 1024w, http:\/\/xn--ffw-rtzlingen-ffb.de\/wp-content\/uploads\/2021\/06\/PHOTO-2021-06-02-21-31-17-300x135.jpg 300w, http:\/\/xn--ffw-rtzlingen-ffb.de\/wp-content\/uploads\/2021\/06\/PHOTO-2021-06-02-21-31-17-768x346.jpg 768w, http:\/\/xn--ffw-rtzlingen-ffb.de\/wp-content\/uploads\/2021\/06\/PHOTO-2021-06-02-21-31-17-1536x691.jpg 1536w, http:\/\/xn--ffw-rtzlingen-ffb.de\/wp-content\/uploads\/2021\/06\/PHOTO-2021-06-02-21-31-17.jpg 1600w\" sizes=\"(max-width: 1024px) 100vw, 1024px\" \/><\/figure>\n","protected":false},"excerpt":{"rendered":"<p>01.02.2025 Generalversammlung Freiwillige Feuerwehr R\u00e4tzlingen Mitglieder Wahlen Bef\u00f6rderungen Ehrungen 03.02.2024 Generalversammlung Freiwillige Feuerwehr R\u00e4tzlingen Mitglieder Stand 01.01.2024: 132 Mitglieder Wahlen Bef\u00f6rderungen Ehrungen ++++++++++++++++++++++++++++++++++++++++++++++++++++++++++++++++++ 04.02.2023 Generalversammlung Freiwillige Feuerwehr R\u00e4tzlingen Mitglieder Die Wehr hat mit Stand 01.01.2023 37 aktive Mitglieder, 15 Kameraden in der Altersabteilung und 57 f\u00f6rdernde Mitglieder. In der Jugendfeuerwehr sind 13 Jugendliche und in [&hellip;]<\/p>\n","protected":false},"author":1,"featured_media":0,"parent":0,"menu_order":50,"comment_status":"closed","ping_status":"closed","template":"","meta":{"footnotes":""},"_links":{"self":[{"href":"http:\/\/xn--ffw-rtzlingen-ffb.de\/index.php?rest_route=\/wp\/v2\/pages\/59"}],"collection":[{"href":"http:\/\/xn--ffw-rtzlingen-ffb.de\/index.php?rest_route=\/wp\/v2\/pages"}],"about":[{"href":"http:\/\/xn--ffw-rtzlingen-ffb.de\/index.php?rest_route=\/wp\/v2\/types\/page"}],"author":[{"embeddable":true,"href":"http:\/\/xn--ffw-rtzlingen-ffb.de\/index.php?rest_route=\/wp\/v2\/users\/1"}],"replies":[{"embeddable":true,"href":"http:\/\/xn--ffw-rtzlingen-ffb.de\/index.php?rest_route=%2Fwp%2Fv2%2Fcomments&post=59"}],"version-history":[{"count":42,"href":"http:\/\/xn--ffw-rtzlingen-ffb.de\/index.php?rest_route=\/wp\/v2\/pages\/59\/revisions"}],"predecessor-version":[{"id":1220,"href":"http:\/\/xn--ffw-rtzlingen-ffb.de\/index.php?rest_route=\/wp\/v2\/pages\/59\/revisions\/1220"}],"wp:attachment":[{"href":"http:\/\/xn--ffw-rtzlingen-ffb.de\/index.php?rest_route=%2Fwp%2Fv2%2Fmedia&parent=59"}],"curies":[{"name":"wp","href":"https:\/\/api.w.org\/{rel}","templated":true}]}}